{"id":3015,"date":"2022-11-27T19:45:03","date_gmt":"2022-11-27T19:45:03","guid":{"rendered":"https:\/\/revitapolis.com\/?page_id=3015"},"modified":"2024-07-09T14:04:04","modified_gmt":"2024-07-09T14:04:04","slug":"die-provinz-fermo","status":"publish","type":"page","link":"https:\/\/revitapolis.com\/de\/die-regionen-in-italien\/marken\/die-provinz-fermo\/","title":{"rendered":"Provinz Fermo"},"content":{"rendered":"\n<div style=\"height:10px\" aria-hidden=\"true\" class=\"wp-block-spacer\"><\/div>\n\n\n\n<p>Hier finden Sie Informationen zur Provinz Fermo und eine Liste aller Gemeinden.<\/p>\n\n\n\n<div class=\"wp-block-media-text is-stacked-on-mobile is-vertically-aligned-center\" style=\"grid-template-columns:44% auto\"><figure class=\"wp-block-media-text__media\"><img fetchpriority=\"high\" decoding=\"async\" width=\"640\" height=\"426\" src=\"https:\/\/revitapolis.com\/wp-content\/uploads\/2023\/04\/fermo-3721176_640.jpg\" alt=\"\" class=\"wp-image-4466 size-full\" srcset=\"https:\/\/revitapolis.com\/wp-content\/uploads\/2023\/04\/fermo-3721176_640.jpg 640w, https:\/\/revitapolis.com\/wp-content\/uploads\/2023\/04\/fermo-3721176_640-300x200.jpg 300w\" sizes=\"(max-width: 640px) 100vw, 640px\" \/><\/figure><div class=\"wp-block-media-text__content\">\n<div style=\"height:20px\" aria-hidden=\"true\" class=\"wp-block-spacer\"><\/div>\n\n\n\n<p style=\"font-size:18px\">Die Provinz Fermo besteht aus 40 Gemeinden, die sich auf einer Fl\u00e4che von 862,77 km\u00b2 verteilen. In der Provinz leben 167.640 Einwohner (Stand: 31.10.2022). <\/p>\n\n\n\n<p>Kurzinfo mit Karte erhalten Sie hier: <a href=\"https:\/\/www.google.com\/maps?q=provinz+fermo&amp;rlz=1C1CHBF_deDE934DE934&amp;um=1&amp;ie=UTF-8&amp;sa=X&amp;ved=2ahUKEwizxZCC6aP-AhUlVvEDHV1dAcwQ_AUoAXoECAIQAw\">FERMO<\/a><\/p>\n<\/div><\/div>\n\n\n\n<h2 class=\"wp-block-heading\" style=\"font-size:30px\">Italien &gt; Marken &gt; Provinz Fermo<\/h2>\n\n\n\n<p>Die Landschaft der Provinz Fermo zeichnet sich durch eine etwa 40 Kilometer lange K\u00fcstenlinie an der Adria und ein Binnenland mit H\u00fcgeln, T\u00e4lern und Bergen aus. Die Gegend ist auch f\u00fcr ihre Natursch\u00f6nheiten bekannt, darunter der Nationalpark Monti Sibillini und das Naturschutzgebiet Sentina.<\/p>\n\n\n\n<p>Die Hauptstadt der Provinz ist die Stadt Fermo, die auf einem H\u00fcgel liegt und einen Panoramablick auf die K\u00fcste und die umliegende Landschaft bietet. Die Stadt blickt auf eine lange Geschichte zur\u00fcck, die bis in die R\u00f6merzeit reicht.<\/p>\n\n\n\n<p>Die Einwohner der Provinz Fermo sind bekannt f\u00fcr ihre Gastfreundschaft und ihre traditionelle K\u00fcche, die auf lokalen Fisch-, Fleisch- und Gem\u00fcsegerichten basiert. Dank ihrer strategischen Lage an der Autobahn A14 und der Adria-Eisenbahnlinie ist die Provinz von den gro\u00dfen italienischen St\u00e4dten aus leicht zu erreichen.<\/p>\n\n\n\n<p>Die Provinz Fermo verf\u00fcgt \u00fcber eine diversifizierte Wirtschaftsbasis, zu der Landwirtschaft, verarbeitendes Gewerbe und Tourismus geh\u00f6ren. Die Gegend ist ber\u00fchmt f\u00fcr die Weinherstellung, darunter Rosso Piceno und Falerio dei Colli Ascolani. Wichtig sind auch die Produktion von Oliven\u00f6l und K\u00e4se. Das verarbeitende Gewerbe umfasst verschiedene Aktivit\u00e4ten wie die Herstellung von Kleidung, Schuhen und Lederwaren, M\u00f6beln und Bauprodukten. Der Tourismus ist ebenso eine wichtige Einnahmequelle f\u00fcr die Provinz, dank ihrer K\u00fcstenlage, der mittelalterlichen D\u00f6rfer, der umliegenden H\u00fcgel und Berge und der zahlreichen kulturellen und nat\u00fcrlichen Sehensw\u00fcrdigkeiten.<\/p>\n\n\n\n<div style=\"height:20px\" aria-hidden=\"true\" class=\"wp-block-spacer\"><\/div>\n\n\n\n<hr>\n\n\n\n<p class=\"has-white-color has-cyan-bluish-gray-background-color has-text-color has-background\"><strong>Die Gemeinden der Provinz Fermo<\/strong><\/p>\n\n\n\n<ul class=\"wp-block-list\">\n<li>Altidona<\/li>\n\n\n\n<li>Amandola<\/li>\n\n\n\n<li>Belmonte Piceno<\/li>\n\n\n\n<li>Campofilone<\/li>\n\n\n\n<li>Falerone<\/li>\n\n\n\n<li>Fermo<\/li>\n\n\n\n<li>Francavilla d\u2019Ete<\/li>\n\n\n\n<li>Grottazzolina<\/li>\n\n\n\n<li>Lapedona<\/li>\n\n\n\n<li>Magliano di Tenna<\/li>\n\n\n\n<li>Massa Fermana<\/li>\n\n\n\n<li>Monsampietro Morico<\/li>\n\n\n\n<li>Montappone<\/li>\n\n\n\n<li>Monte Giberto<\/li>\n\n\n\n<li>Monte Rinaldo<\/li>\n\n\n\n<li>Monte San Pietrangeli<\/li>\n\n\n\n<li>Monte Urano<\/li>\n\n\n\n<li>Monte Vidon Combatte<\/li>\n\n\n\n<li>Monte Vidon Corrado<\/li>\n\n\n\n<li>Montefalcone Appennino<\/li>\n\n\n\n<li>Montefortino<\/li>\n\n\n\n<li>Montegiorgio<\/li>\n\n\n\n<li>Montegranaro<\/li>\n\n\n\n<li>Monteleone di Fermo<\/li>\n\n\n\n<li>Montelparo<\/li>\n\n\n\n<li>Monterubbiano<\/li>\n\n\n\n<li>Montottone<\/li>\n\n\n\n<li>Moresco<\/li>\n\n\n\n<li>Ortezzano<\/li>\n\n\n\n<li>Pedaso<\/li>\n\n\n\n<li>Petritoli<\/li>\n\n\n\n<li>Ponzano di Fermo<\/li>\n\n\n\n<li>Porto San Giorgio<\/li>\n\n\n\n<li>Porto Sant\u2019Elpidio<\/li>\n\n\n\n<li>Rapagnano<\/li>\n\n\n\n<li>Sant\u2019Elpidio a Mare<\/li>\n\n\n\n<li>Santa Vittoria in Matenano<\/li>\n\n\n\n<li>Servigliano<\/li>\n\n\n\n<li>Smerillo<\/li>\n\n\n\n<li>Torre San Patrizio<\/li>\n<\/ul>\n\n\n\n<hr style=\"border: 0; height: 1px; background-image: linear-gradient(to right, rgba(0, 0, 0, 0), rgba(0, 0, 0, 0.75), rgba(0, 0, 0, 0));\">\n\n\n\n<div style=\"height:10px\" aria-hidden=\"true\" class=\"wp-block-spacer\"><\/div>\n","protected":false},"excerpt":{"rendered":"<p>Hier finden Sie Informationen zur Provinz Fermo und eine Liste aller Gemeinden. Italien &gt; Marken &gt; Provinz Fermo Die Landschaft der Provinz Fermo zeichnet sich durch eine etwa 40 Kilometer lange K\u00fcstenlinie an der Adria und ein Binnenland mit H\u00fcgeln, T\u00e4lern und Bergen aus. Die Gegend ist auch f\u00fcr ihre Natursch\u00f6nheiten bekannt, darunter der Nationalpark [&hellip;]<\/p>\n","protected":false},"author":1,"featured_media":0,"parent":1400,"menu_order":0,"comment_status":"closed","ping_status":"closed","template":"","meta":{"_acf_changed":false,"om_disable_all_campaigns":false,"_monsterinsights_skip_tracking":false,"_monsterinsights_sitenote_active":false,"_monsterinsights_sitenote_note":"","_monsterinsights_sitenote_category":0,"ocean_post_layout":"","ocean_both_sidebars_style":"","ocean_both_sidebars_content_width":0,"ocean_both_sidebars_sidebars_width":0,"ocean_sidebar":"0","ocean_second_sidebar":"0","ocean_disable_margins":"enable","ocean_add_body_class":"","ocean_shortcode_before_top_bar":"","ocean_shortcode_after_top_bar":"","ocean_shortcode_before_header":"","ocean_shortcode_after_header":"","ocean_has_shortcode":"","ocean_shortcode_after_title":"","ocean_shortcode_before_footer_widgets":"","ocean_shortcode_after_footer_widgets":"","ocean_shortcode_before_footer_bottom":"","ocean_shortcode_after_footer_bottom":"","ocean_display_top_bar":"default","ocean_display_header":"default","ocean_header_style":"","ocean_center_header_left_menu":"0","ocean_custom_header_template":"0","ocean_custom_logo":0,"ocean_custom_retina_logo":0,"ocean_custom_logo_max_width":0,"ocean_custom_logo_tablet_max_width":0,"ocean_custom_logo_mobile_max_width":0,"ocean_custom_logo_max_height":0,"ocean_custom_logo_tablet_max_height":0,"ocean_custom_logo_mobile_max_height":0,"ocean_header_custom_menu":"0","ocean_menu_typo_font_family":"0","ocean_menu_typo_font_subset":"","ocean_menu_typo_font_size":0,"ocean_menu_typo_font_size_tablet":0,"ocean_menu_typo_font_size_mobile":0,"ocean_menu_typo_font_size_unit":"px","ocean_menu_typo_font_weight":"","ocean_menu_typo_font_weight_tablet":"","ocean_menu_typo_font_weight_mobile":"","ocean_menu_typo_transform":"","ocean_menu_typo_transform_tablet":"","ocean_menu_typo_transform_mobile":"","ocean_menu_typo_line_height":0,"ocean_menu_typo_line_height_tablet":0,"ocean_menu_typo_line_height_mobile":0,"ocean_menu_typo_line_height_unit":"","ocean_menu_typo_spacing":0,"ocean_menu_typo_spacing_tablet":0,"ocean_menu_typo_spacing_mobile":0,"ocean_menu_typo_spacing_unit":"","ocean_menu_link_color":"","ocean_menu_link_color_hover":"","ocean_menu_link_color_active":"","ocean_menu_link_background":"","ocean_menu_link_hover_background":"","ocean_menu_link_active_background":"","ocean_menu_social_links_bg":"","ocean_menu_social_hover_links_bg":"","ocean_menu_social_links_color":"","ocean_menu_social_hover_links_color":"","ocean_disable_title":"default","ocean_disable_heading":"default","ocean_post_title":"","ocean_post_subheading":"","ocean_post_title_style":"","ocean_post_title_background_color":"","ocean_post_title_background":0,"ocean_post_title_bg_image_position":"","ocean_post_title_bg_image_attachment":"","ocean_post_title_bg_image_repeat":"","ocean_post_title_bg_image_size":"","ocean_post_title_height":0,"ocean_post_title_bg_overlay":0.5,"ocean_post_title_bg_overlay_color":"","ocean_disable_breadcrumbs":"default","ocean_breadcrumbs_color":"","ocean_breadcrumbs_separator_color":"","ocean_breadcrumbs_links_color":"","ocean_breadcrumbs_links_hover_color":"","ocean_display_footer_widgets":"default","ocean_display_footer_bottom":"default","ocean_custom_footer_template":"0","footnotes":""},"class_list":["post-3015","page","type-page","status-publish","hentry","entry"],"acf":[],"yoast_head":"<!-- This site is optimized with the Yoast SEO plugin v27.4 - https:\/\/yoast.com\/product\/yoast-seo-wordpress\/ -->\n<title>Provinz Fermo - Revitapolis<\/title>\n<meta name=\"description\" content=\"Die Provinz Fermo zeichnet sich durch eine diversifizierte Wirtschaft aus\" \/>\n<meta name=\"robots\" content=\"index, follow, max-snippet:-1, max-image-preview:large, max-video-preview:-1\" \/>\n<link rel=\"canonical\" href=\"https:\/\/revitapolis.com\/de\/die-regionen-in-italien\/marken\/die-provinz-fermo\/\" \/>\n<meta property=\"og:locale\" content=\"de_DE\" \/>\n<meta property=\"og:type\" content=\"article\" \/>\n<meta property=\"og:title\" content=\"Provinz Fermo - Revitapolis\" \/>\n<meta property=\"og:description\" content=\"Die Provinz Fermo zeichnet sich durch eine diversifizierte Wirtschaft aus\" \/>\n<meta property=\"og:url\" content=\"https:\/\/revitapolis.com\/de\/die-regionen-in-italien\/marken\/die-provinz-fermo\/\" \/>\n<meta property=\"og:site_name\" content=\"Revitapolis\" \/>\n<meta property=\"article:modified_time\" content=\"2024-07-09T14:04:04+00:00\" \/>\n<meta property=\"og:image\" content=\"https:\/\/revitapolis.com\/wp-content\/uploads\/2023\/04\/fermo-3721176_640.jpg\" \/>\n<meta name=\"twitter:card\" content=\"summary_large_image\" \/>\n<meta name=\"twitter:label1\" content=\"Gesch\u00e4tzte Lesezeit\" \/>\n\t<meta name=\"twitter:data1\" content=\"3\u00a0Minuten\" \/>\n<script type=\"application\/ld+json\" class=\"yoast-schema-graph\">{\"@context\":\"https:\\\/\\\/schema.org\",\"@graph\":[{\"@type\":\"WebPage\",\"@id\":\"https:\\\/\\\/revitapolis.com\\\/de\\\/die-regionen-in-italien\\\/marken\\\/die-provinz-fermo\\\/\",\"url\":\"https:\\\/\\\/revitapolis.com\\\/de\\\/die-regionen-in-italien\\\/marken\\\/die-provinz-fermo\\\/\",\"name\":\"Provinz Fermo - Revitapolis\",\"isPartOf\":{\"@id\":\"https:\\\/\\\/revitapolis.com\\\/de\\\/#website\"},\"primaryImageOfPage\":{\"@id\":\"https:\\\/\\\/revitapolis.com\\\/de\\\/die-regionen-in-italien\\\/marken\\\/die-provinz-fermo\\\/#primaryimage\"},\"image\":{\"@id\":\"https:\\\/\\\/revitapolis.com\\\/de\\\/die-regionen-in-italien\\\/marken\\\/die-provinz-fermo\\\/#primaryimage\"},\"thumbnailUrl\":\"https:\\\/\\\/revitapolis.com\\\/wp-content\\\/uploads\\\/2023\\\/04\\\/fermo-3721176_640.jpg\",\"datePublished\":\"2022-11-27T19:45:03+00:00\",\"dateModified\":\"2024-07-09T14:04:04+00:00\",\"description\":\"Die Provinz Fermo zeichnet sich durch eine diversifizierte Wirtschaft aus\",\"breadcrumb\":{\"@id\":\"https:\\\/\\\/revitapolis.com\\\/de\\\/die-regionen-in-italien\\\/marken\\\/die-provinz-fermo\\\/#breadcrumb\"},\"inLanguage\":\"de\",\"potentialAction\":[{\"@type\":\"ReadAction\",\"target\":[\"https:\\\/\\\/revitapolis.com\\\/de\\\/die-regionen-in-italien\\\/marken\\\/die-provinz-fermo\\\/\"]}]},{\"@type\":\"ImageObject\",\"inLanguage\":\"de\",\"@id\":\"https:\\\/\\\/revitapolis.com\\\/de\\\/die-regionen-in-italien\\\/marken\\\/die-provinz-fermo\\\/#primaryimage\",\"url\":\"https:\\\/\\\/revitapolis.com\\\/wp-content\\\/uploads\\\/2023\\\/04\\\/fermo-3721176_640.jpg\",\"contentUrl\":\"https:\\\/\\\/revitapolis.com\\\/wp-content\\\/uploads\\\/2023\\\/04\\\/fermo-3721176_640.jpg\"},{\"@type\":\"BreadcrumbList\",\"@id\":\"https:\\\/\\\/revitapolis.com\\\/de\\\/die-regionen-in-italien\\\/marken\\\/die-provinz-fermo\\\/#breadcrumb\",\"itemListElement\":[{\"@type\":\"ListItem\",\"position\":1,\"name\":\"Startseite\",\"item\":\"https:\\\/\\\/revitapolis.com\\\/de\\\/\"},{\"@type\":\"ListItem\",\"position\":2,\"name\":\"Italien\",\"item\":\"https:\\\/\\\/revitapolis.com\\\/de\\\/die-regionen-in-italien\\\/\"},{\"@type\":\"ListItem\",\"position\":3,\"name\":\"Marken\",\"item\":\"https:\\\/\\\/revitapolis.com\\\/de\\\/die-regionen-in-italien\\\/marken\\\/\"},{\"@type\":\"ListItem\",\"position\":4,\"name\":\"Provinz Fermo\"}]},{\"@type\":\"WebSite\",\"@id\":\"https:\\\/\\\/revitapolis.com\\\/de\\\/#website\",\"url\":\"https:\\\/\\\/revitapolis.com\\\/de\\\/\",\"name\":\"Revitapolis\",\"description\":\"Wiederbelebung italienischer Orte\",\"publisher\":{\"@id\":\"https:\\\/\\\/revitapolis.com\\\/de\\\/#organization\"},\"potentialAction\":[{\"@type\":\"SearchAction\",\"target\":{\"@type\":\"EntryPoint\",\"urlTemplate\":\"https:\\\/\\\/revitapolis.com\\\/de\\\/?s={search_term_string}\"},\"query-input\":{\"@type\":\"PropertyValueSpecification\",\"valueRequired\":true,\"valueName\":\"search_term_string\"}}],\"inLanguage\":\"de\"},{\"@type\":\"Organization\",\"@id\":\"https:\\\/\\\/revitapolis.com\\\/de\\\/#organization\",\"name\":\"Revitapolis\",\"url\":\"https:\\\/\\\/revitapolis.com\\\/de\\\/\",\"logo\":{\"@type\":\"ImageObject\",\"inLanguage\":\"de\",\"@id\":\"https:\\\/\\\/revitapolis.com\\\/de\\\/#\\\/schema\\\/logo\\\/image\\\/\",\"url\":\"https:\\\/\\\/revitapolis.com\\\/wp-content\\\/uploads\\\/2022\\\/03\\\/cropped-logo-revitapolis.jpg\",\"contentUrl\":\"https:\\\/\\\/revitapolis.com\\\/wp-content\\\/uploads\\\/2022\\\/03\\\/cropped-logo-revitapolis.jpg\",\"width\":200,\"height\":91,\"caption\":\"Revitapolis\"},\"image\":{\"@id\":\"https:\\\/\\\/revitapolis.com\\\/de\\\/#\\\/schema\\\/logo\\\/image\\\/\"}}]}<\/script>\n<!-- \/ Yoast SEO plugin. -->","yoast_head_json":{"title":"Provinz Fermo - Revitapolis","description":"Die Provinz Fermo zeichnet sich durch eine diversifizierte Wirtschaft aus","robots":{"index":"index","follow":"follow","max-snippet":"max-snippet:-1","max-image-preview":"max-image-preview:large","max-video-preview":"max-video-preview:-1"},"canonical":"https:\/\/revitapolis.com\/de\/die-regionen-in-italien\/marken\/die-provinz-fermo\/","og_locale":"de_DE","og_type":"article","og_title":"Provinz Fermo - Revitapolis","og_description":"Die Provinz Fermo zeichnet sich durch eine diversifizierte Wirtschaft aus","og_url":"https:\/\/revitapolis.com\/de\/die-regionen-in-italien\/marken\/die-provinz-fermo\/","og_site_name":"Revitapolis","article_modified_time":"2024-07-09T14:04:04+00:00","og_image":[{"url":"https:\/\/revitapolis.com\/wp-content\/uploads\/2023\/04\/fermo-3721176_640.jpg","type":"","width":"","height":""}],"twitter_card":"summary_large_image","twitter_misc":{"Gesch\u00e4tzte Lesezeit":"3\u00a0Minuten"},"schema":{"@context":"https:\/\/schema.org","@graph":[{"@type":"WebPage","@id":"https:\/\/revitapolis.com\/de\/die-regionen-in-italien\/marken\/die-provinz-fermo\/","url":"https:\/\/revitapolis.com\/de\/die-regionen-in-italien\/marken\/die-provinz-fermo\/","name":"Provinz Fermo - Revitapolis","isPartOf":{"@id":"https:\/\/revitapolis.com\/de\/#website"},"primaryImageOfPage":{"@id":"https:\/\/revitapolis.com\/de\/die-regionen-in-italien\/marken\/die-provinz-fermo\/#primaryimage"},"image":{"@id":"https:\/\/revitapolis.com\/de\/die-regionen-in-italien\/marken\/die-provinz-fermo\/#primaryimage"},"thumbnailUrl":"https:\/\/revitapolis.com\/wp-content\/uploads\/2023\/04\/fermo-3721176_640.jpg","datePublished":"2022-11-27T19:45:03+00:00","dateModified":"2024-07-09T14:04:04+00:00","description":"Die Provinz Fermo zeichnet sich durch eine diversifizierte Wirtschaft aus","breadcrumb":{"@id":"https:\/\/revitapolis.com\/de\/die-regionen-in-italien\/marken\/die-provinz-fermo\/#breadcrumb"},"inLanguage":"de","potentialAction":[{"@type":"ReadAction","target":["https:\/\/revitapolis.com\/de\/die-regionen-in-italien\/marken\/die-provinz-fermo\/"]}]},{"@type":"ImageObject","inLanguage":"de","@id":"https:\/\/revitapolis.com\/de\/die-regionen-in-italien\/marken\/die-provinz-fermo\/#primaryimage","url":"https:\/\/revitapolis.com\/wp-content\/uploads\/2023\/04\/fermo-3721176_640.jpg","contentUrl":"https:\/\/revitapolis.com\/wp-content\/uploads\/2023\/04\/fermo-3721176_640.jpg"},{"@type":"BreadcrumbList","@id":"https:\/\/revitapolis.com\/de\/die-regionen-in-italien\/marken\/die-provinz-fermo\/#breadcrumb","itemListElement":[{"@type":"ListItem","position":1,"name":"Startseite","item":"https:\/\/revitapolis.com\/de\/"},{"@type":"ListItem","position":2,"name":"Italien","item":"https:\/\/revitapolis.com\/de\/die-regionen-in-italien\/"},{"@type":"ListItem","position":3,"name":"Marken","item":"https:\/\/revitapolis.com\/de\/die-regionen-in-italien\/marken\/"},{"@type":"ListItem","position":4,"name":"Provinz Fermo"}]},{"@type":"WebSite","@id":"https:\/\/revitapolis.com\/de\/#website","url":"https:\/\/revitapolis.com\/de\/","name":"Revitapolis","description":"Wiederbelebung italienischer Orte","publisher":{"@id":"https:\/\/revitapolis.com\/de\/#organization"},"potentialAction":[{"@type":"SearchAction","target":{"@type":"EntryPoint","urlTemplate":"https:\/\/revitapolis.com\/de\/?s={search_term_string}"},"query-input":{"@type":"PropertyValueSpecification","valueRequired":true,"valueName":"search_term_string"}}],"inLanguage":"de"},{"@type":"Organization","@id":"https:\/\/revitapolis.com\/de\/#organization","name":"Revitapolis","url":"https:\/\/revitapolis.com\/de\/","logo":{"@type":"ImageObject","inLanguage":"de","@id":"https:\/\/revitapolis.com\/de\/#\/schema\/logo\/image\/","url":"https:\/\/revitapolis.com\/wp-content\/uploads\/2022\/03\/cropped-logo-revitapolis.jpg","contentUrl":"https:\/\/revitapolis.com\/wp-content\/uploads\/2022\/03\/cropped-logo-revitapolis.jpg","width":200,"height":91,"caption":"Revitapolis"},"image":{"@id":"https:\/\/revitapolis.com\/de\/#\/schema\/logo\/image\/"}}]}},"_links":{"self":[{"href":"https:\/\/revitapolis.com\/de\/wp-json\/wp\/v2\/pages\/3015","targetHints":{"allow":["GET"]}}],"collection":[{"href":"https:\/\/revitapolis.com\/de\/wp-json\/wp\/v2\/pages"}],"about":[{"href":"https:\/\/revitapolis.com\/de\/wp-json\/wp\/v2\/types\/page"}],"author":[{"embeddable":true,"href":"https:\/\/revitapolis.com\/de\/wp-json\/wp\/v2\/users\/1"}],"replies":[{"embeddable":true,"href":"https:\/\/revitapolis.com\/de\/wp-json\/wp\/v2\/comments?post=3015"}],"version-history":[{"count":6,"href":"https:\/\/revitapolis.com\/de\/wp-json\/wp\/v2\/pages\/3015\/revisions"}],"predecessor-version":[{"id":5399,"href":"https:\/\/revitapolis.com\/de\/wp-json\/wp\/v2\/pages\/3015\/revisions\/5399"}],"up":[{"embeddable":true,"href":"https:\/\/revitapolis.com\/de\/wp-json\/wp\/v2\/pages\/1400"}],"wp:attachment":[{"href":"https:\/\/revitapolis.com\/de\/wp-json\/wp\/v2\/media?parent=3015"}],"curies":[{"name":"wp","href":"https:\/\/api.w.org\/{rel}","templated":true}]}}